
{"id":6941,"date":"2023-05-25T14:00:28","date_gmt":"2023-05-25T18:00:28","guid":{"rendered":"https:\/\/merton.emsbdev.com\/?page_id=6941"},"modified":"2025-06-25T09:17:47","modified_gmt":"2025-06-25T13:17:47","slug":"kindergarten-progressive-entry","status":"publish","type":"page","link":"https:\/\/merton.emsb.qc.ca\/fr\/kindergarten-progressive-entry\/","title":{"rendered":"Entr\u00e9e progressive \u00e0 la maternelle"},"content":{"rendered":"<div data-elementor-type=\"wp-page\" data-elementor-id=\"6941\" class=\"elementor elementor-6941\" data-elementor-post-type=\"page\">\n\t\t\t\t\t\t<section class=\"elementor-section elementor-top-section elementor-element elementor-element-e538762 elementor-section-boxed elementor-section-height-default elementor-section-height-default\" data-id=\"e538762\" data-element_type=\"section\" data-e-type=\"section\" data-settings=\"{&quot;jet_parallax_layout_list&quot;:[]}\">\n\t\t\t\t\t\t<div class=\"elementor-container elementor-column-gap-default\">\n\t\t\t\t\t<div class=\"elementor-column elementor-col-100 elementor-top-column elementor-element elementor-element-cd5530b\" data-id=\"cd5530b\" data-element_type=\"column\" data-e-type=\"column\">\n\t\t\t<div class=\"elementor-widget-wrap elementor-element-populated\">\n\t\t\t\t\t\t<div class=\"elementor-element elementor-element-688e6c3 elementor-widget elementor-widget-image\" data-id=\"688e6c3\" data-element_type=\"widget\" data-e-type=\"widget\" data-widget_type=\"image.default\">\n\t\t\t\t<div class=\"elementor-widget-container\">\n\t\t\t\t\t\t\t\t\t\t\t\t\t\t\t<img fetchpriority=\"high\" decoding=\"async\" width=\"1024\" height=\"192\" src=\"https:\/\/merton.emsb.qc.ca\/wp-content\/uploads\/sites\/4\/2023\/05\/Slider-Banner-Option-2-1024x192.png\" class=\"attachment-large size-large wp-image-6942\" alt=\"\" srcset=\"https:\/\/merton.emsb.qc.ca\/wp-content\/uploads\/sites\/4\/2023\/05\/Slider-Banner-Option-2-1024x192.png 1024w, https:\/\/merton.emsb.qc.ca\/wp-content\/uploads\/sites\/4\/2023\/05\/Slider-Banner-Option-2-300x56.png 300w, https:\/\/merton.emsb.qc.ca\/wp-content\/uploads\/sites\/4\/2023\/05\/Slider-Banner-Option-2-768x144.png 768w, https:\/\/merton.emsb.qc.ca\/wp-content\/uploads\/sites\/4\/2023\/05\/Slider-Banner-Option-2-18x3.png 18w, https:\/\/merton.emsb.qc.ca\/wp-content\/uploads\/sites\/4\/2023\/05\/Slider-Banner-Option-2.png 1335w\" sizes=\"(max-width: 1024px) 100vw, 1024px\" \/>\t\t\t\t\t\t\t\t\t\t\t\t\t\t\t<\/div>\n\t\t\t\t<\/div>\n\t\t\t\t<div class=\"elementor-element elementor-element-6f3767e elementor-widget__width-initial elementor-widget elementor-widget-text-editor\" data-id=\"6f3767e\" data-element_type=\"widget\" data-e-type=\"widget\" data-widget_type=\"text-editor.default\">\n\t\t\t\t<div class=\"elementor-widget-container\">\n\t\t\t\t\t\t\t\t\t<p><span style=\"font-style: inherit;font-weight: inherit\"><strong>Chers parents\/tuteurs de l'\u00e9cole maternelle,<\/strong><br><\/span><span style=\"font-style: inherit;font-weight: inherit\">Bienvenue \u00e0 nouveau \u00e0 l'\u00e9cole maternelle de Merton ! Ceci est votre introduction aux premiers jours d'\u00e9cole de votre enfant au d\u00e9but du mois de septembre 2025. Nous fournissons un <\/span><strong style=\"font-style: inherit\">entr\u00e9e progressive<\/strong><span style=\"font-style: inherit;font-weight: inherit\"> qui n\u00e9cessite une certaine planification de votre part. L'objectif de ces journ\u00e9es est de faciliter la transition vers l'\u00e9cole \u00e9l\u00e9mentaire et de familiariser votre enfant avec la salle de classe et les routines scolaires en douceur. Les enfants ne seront \u00e0 l'\u00e9cole que pour des journ\u00e9es plus courtes, comme vous le verrez ci-dessous, et devront \u00eatre amen\u00e9s et r\u00e9cup\u00e9r\u00e9s \u00e0 l'\u00e9cole. <\/span><u style=\"font-style: inherit;font-weight: inherit\">aucun service de bus ou de garderie ne sera disponible ces jours-l\u00e0<\/u><span style=\"font-style: inherit;font-weight: inherit\">. Le plan est le suivant :<\/span><\/p>\n<h4><strong>MARDI 2 SEPTEMBRE 2025<\/strong><\/h4>\n<p>Nous nous retrouverons dans le gymnase. L'entr\u00e9e se fait par l'entr\u00e9e FRONTALE de l'\u00e9cole.<\/p>\n<ul>\n<li>9:00 \u00e0 9:30 - Rendez-vous dans le gymnase, salutations, r\u00e9partition des \u00e9l\u00e8ves en 2 groupes.<\/li>\n<li>9h30 \u00e0 11h00 - Les parents restent dans le gymnase avec le principal pour une s\u00e9ance de questions-r\u00e9ponses et pour remplir le questionnaire WTK.<\/li>\n<li>Les \u00e9l\u00e8ves passeront du temps dans chaque classe et rencontreront les deux enseignants. <strong><u>pas<\/u><\/strong> \u00e0 une classe sp\u00e9cifique pour l'instant.<\/li>\n<li>Les \u00e9l\u00e8ves seront ramen\u00e9s au gymnase pour rencontrer leurs parents.<br><strong style=\"font-style: inherit\"><u>Les \u00e9l\u00e8ves doivent apporter une collation saine.<br><\/u><\/strong><strong style=\"font-style: inherit\"><u>Il n'y a pas de service de bus ni de garderie ce jour-l\u00e0.\n<\/u><\/strong><p><strong style=\"font-style: inherit\"><u><\/u><\/strong><\/p><\/li>\n<\/ul>\n<h4><strong>MERCREDI 3 SEPTEMBRE 2025<\/strong><\/h4>\n<ul>\n<li>9:00 - Entr\u00e9e par le <u>Entr\u00e9e JUNIOR<\/u>Les parents sont pri\u00e9s de rester \u00e0 l'ext\u00e9rieur du portail.<\/li>\n<li>11h00 - Les parents viennent chercher leurs enfants \u00e0 l'entr\u00e9e JUNIOR.<\/li>\n<li>Les \u00e9l\u00e8ves passeront du temps dans chaque classe et avec les deux enseignants.<br><strong style=\"font-style: inherit\"><u>Les \u00e9l\u00e8ves doivent apporter une collation saine.<br><\/u><\/strong><strong style=\"font-style: inherit\"><u>Il n'y a pas de service de bus ni de garderie ce jour-l\u00e0.<\/u><\/strong><\/li>\n<\/ul>\n<h4><strong>&nbsp;<\/strong><\/h4>\n<h4><strong>JEUDI 4 SEPTEMBRE 2025<\/strong><\/h4>\n<p>Veuillez suivre le m\u00eame plan que mercredi.<br><strong style=\"font-style: inherit\"><u>Les \u00e9l\u00e8ves doivent apporter une collation saine.<br><\/u><\/strong><span style=\"font-style: inherit\"><u><b>Il n'y a pas de service de bus ni de garderie ce jour-l\u00e0.<br><\/b><\/u><\/span><span style=\"font-style: inherit\"><b><u><br><\/u><\/b><span style=\"font-weight: inherit\">Le premier <\/span><\/span><strong style=\"font-style: inherit\">complet<\/strong><span style=\"font-style: inherit;font-weight: inherit\"> jour d'\u00e9cole sera le <\/span><strong style=\"font-style: inherit\">VENDREDI 5 SEPTEMBRE<\/strong><strong style=\"font-style: inherit\"> de 7h57 \u00e0 14h40<\/strong><span style=\"font-style: inherit;font-weight: inherit\"> L'heure d'arriv\u00e9e se situe entre 7h50 et 7h57, \u00e0 l'entr\u00e9e JUNIOR. Veuillez faire vos valises <\/span><u style=\"font-style: inherit;font-weight: inherit\">2 collations nutritives<\/u><span style=\"font-style: inherit;font-weight: inherit\"> pour votre enfant <\/span><u style=\"font-style: inherit;font-weight: inherit\">et un d\u00e9jeuner complet<\/u><span style=\"font-style: inherit;font-weight: inherit\">. Votre enfant sera renvoy\u00e9 \u00e0 14h40 par l'entr\u00e9e Junior si vous venez le chercher. <\/span><u style=\"font-style: inherit;font-weight: inherit\">Les services de bus et de garderie d\u00e9butent ce jour-l\u00e0.<\/u><\/p>\n<p><em>* De petites modifications suppl\u00e9mentaires peuvent \u00eatre apport\u00e9es \u00e0 la composition des classes. <u>tout au long de la premi\u00e8re semaine compl\u00e8te d'\u00e9cole<\/u>Les jours f\u00e9ri\u00e9s sont fix\u00e9s \u00e0 notre discr\u00e9tion, en tenant compte de l'int\u00e9r\u00eat des \u00e9l\u00e8ves. Des changements pendant ces jours pourraient \u00e9pargner \u00e0 votre enfant beaucoup de difficult\u00e9s plus tard, aidez-nous \u00e0 les aider en les aidant \u00e0 s'adapter \u00e0 ces changements.<\/em><\/p>\n<p>&nbsp;<strong>P<\/strong><b>euillez vous assurer que votre enfant et son professeur connaissent TOUS LES DEUX le plan de fin de journ\u00e9e de votre enfant TOUS LES JOURS afin qu'ils puissent le suivre de mani\u00e8re appropri\u00e9e.<br><\/b><span style=\"font-style: inherit;font-weight: inherit\">Nous nous r\u00e9jouissons de cette merveilleuse ann\u00e9e scolaire !<\/span><\/p>\n<p><\/p>\n<p><strong><em>L'\u00e9quipe de l'\u00e9cole maternelle<\/em><\/strong><\/p>\t\t\t\t\t\t\t\t<\/div>\n\t\t\t\t<\/div>\n\t\t\t\t\t<\/div>\n\t\t<\/div>\n\t\t\t\t\t<\/div>\n\t\t<\/section>\n\t\t\t\t<\/div>","protected":false},"excerpt":{"rendered":"<p>Dear Kindergarten Parents\/Guardians,Welcome once again to Merton\u2019s Kindergarten! This is your introduction to your child\u2019s first days of school in early September of 2025. We provide a progressive entry that requires some planning on your part. The purpose of these days is to ease the transition to elementary school and to introduce your child to [&hellip;]<\/p>\n","protected":false},"author":11,"featured_media":0,"parent":0,"menu_order":0,"comment_status":"closed","ping_status":"closed","template":"","meta":{"site-sidebar-layout":"no-sidebar","site-content-layout":"page-builder","ast-site-content-layout":"default","site-content-style":"default","site-sidebar-style":"default","ast-global-header-display":"","ast-banner-title-visibility":"","ast-main-header-display":"","ast-hfb-above-header-display":"","ast-hfb-below-header-display":"","ast-hfb-mobile-header-display":"","site-post-title":"disabled","ast-breadcrumbs-content":"","ast-featured-img":"disabled","footer-sml-layout":"","ast-disable-related-posts":"","theme-transparent-header-meta":"","adv-header-id-meta":"","stick-header-meta":"","header-above-stick-meta":"","header-main-stick-meta":"","header-below-stick-meta":"","astra-migrate-meta-layouts":"default","ast-page-background-enabled":"default","ast-page-background-meta":{"desktop":{"background-color":"var(--ast-global-color-4)","background-image":"","background-repeat":"repeat","background-position":"center center","background-size":"auto","background-attachment":"scroll","background-type":"","background-media":"","overlay-type":"","overlay-color":"","overlay-opacity":"","overlay-gradient":""},"tablet":{"background-color":"","background-image":"","background-repeat":"repeat","background-position":"center center","background-size":"auto","background-attachment":"scroll","background-type":"","background-media":"","overlay-type":"","overlay-color":"","overlay-opacity":"","overlay-gradient":""},"mobile":{"background-color":"","background-image":"","background-repeat":"repeat","background-position":"center center","background-size":"auto","background-attachment":"scroll","background-type":"","background-media":"","overlay-type":"","overlay-color":"","overlay-opacity":"","overlay-gradient":""}},"ast-content-background-meta":{"desktop":{"background-color":"var(--ast-global-color-5)","background-image":"","background-repeat":"repeat","background-position":"center center","background-size":"auto","background-attachment":"scroll","background-type":"","background-media":"","overlay-type":"","overlay-color":"","overlay-opacity":"","overlay-gradient":""},"tablet":{"background-color":"var(--ast-global-color-5)","background-image":"","background-repeat":"repeat","background-position":"center center","background-size":"auto","background-attachment":"scroll","background-type":"","background-media":"","overlay-type":"","overlay-color":"","overlay-opacity":"","overlay-gradient":""},"mobile":{"background-color":"var(--ast-global-color-5)","background-image":"","background-repeat":"repeat","background-position":"center center","background-size":"auto","background-attachment":"scroll","background-type":"","background-media":"","overlay-type":"","overlay-color":"","overlay-opacity":"","overlay-gradient":""}},"footnotes":""},"class_list":["post-6941","page","type-page","status-publish","hentry"],"yoast_head":"<!-- This site is optimized with the Yoast SEO plugin v27.5 - https:\/\/yoast.com\/product\/yoast-seo-wordpress\/ -->\n<title>Kindergarten Progressive Entry - Merton Elementary School<\/title>\n<meta name=\"robots\" content=\"index, follow, max-snippet:-1, max-image-preview:large, max-video-preview:-1\" \/>\n<link rel=\"canonical\" href=\"https:\/\/merton.emsb.qc.ca\/fr\/kindergarten-progressive-entry\/\" \/>\n<meta property=\"og:locale\" content=\"fr_FR\" \/>\n<meta property=\"og:type\" content=\"article\" \/>\n<meta property=\"og:title\" content=\"Kindergarten Progressive Entry - Merton Elementary School\" \/>\n<meta property=\"og:description\" content=\"Dear Kindergarten Parents\/Guardians,Welcome once again to Merton\u2019s Kindergarten! This is your introduction to your child\u2019s first days of school in early September of 2025. We provide a progressive entry that requires some planning on your part. The purpose of these days is to ease the transition to elementary school and to introduce your child to [&hellip;]\" \/>\n<meta property=\"og:url\" content=\"https:\/\/merton.emsb.qc.ca\/fr\/kindergarten-progressive-entry\/\" \/>\n<meta property=\"og:site_name\" content=\"Merton Elementary School\" \/>\n<meta property=\"article:modified_time\" content=\"2025-06-25T13:17:47+00:00\" \/>\n<meta property=\"og:image\" content=\"https:\/\/merton.emsb.qc.ca\/wp-content\/uploads\/sites\/4\/2023\/05\/Slider-Banner-Option-2.png\" \/>\n\t<meta property=\"og:image:width\" content=\"1335\" \/>\n\t<meta property=\"og:image:height\" content=\"250\" \/>\n\t<meta property=\"og:image:type\" content=\"image\/png\" \/>\n<meta name=\"twitter:card\" content=\"summary_large_image\" \/>\n<meta name=\"twitter:label1\" content=\"Dur\u00e9e de lecture estim\u00e9e\" \/>\n\t<meta name=\"twitter:data1\" content=\"3 minutes\" \/>\n<script type=\"application\/ld+json\" class=\"yoast-schema-graph\">{\"@context\":\"https:\\\/\\\/schema.org\",\"@graph\":[{\"@type\":\"WebPage\",\"@id\":\"https:\\\/\\\/merton.emsb.qc.ca\\\/kindergarten-progressive-entry\\\/\",\"url\":\"https:\\\/\\\/merton.emsb.qc.ca\\\/kindergarten-progressive-entry\\\/\",\"name\":\"Kindergarten Progressive Entry - Merton Elementary School\",\"isPartOf\":{\"@id\":\"https:\\\/\\\/merton.emsb.qc.ca\\\/#website\"},\"primaryImageOfPage\":{\"@id\":\"https:\\\/\\\/merton.emsb.qc.ca\\\/kindergarten-progressive-entry\\\/#primaryimage\"},\"image\":{\"@id\":\"https:\\\/\\\/merton.emsb.qc.ca\\\/kindergarten-progressive-entry\\\/#primaryimage\"},\"thumbnailUrl\":\"https:\\\/\\\/merton.emsb.qc.ca\\\/wp-content\\\/uploads\\\/sites\\\/4\\\/2023\\\/05\\\/Slider-Banner-Option-2-1024x192.png\",\"datePublished\":\"2023-05-25T18:00:28+00:00\",\"dateModified\":\"2025-06-25T13:17:47+00:00\",\"breadcrumb\":{\"@id\":\"https:\\\/\\\/merton.emsb.qc.ca\\\/kindergarten-progressive-entry\\\/#breadcrumb\"},\"inLanguage\":\"fr-FR\",\"potentialAction\":[{\"@type\":\"ReadAction\",\"target\":[\"https:\\\/\\\/merton.emsb.qc.ca\\\/kindergarten-progressive-entry\\\/\"]}]},{\"@type\":\"ImageObject\",\"inLanguage\":\"fr-FR\",\"@id\":\"https:\\\/\\\/merton.emsb.qc.ca\\\/kindergarten-progressive-entry\\\/#primaryimage\",\"url\":\"https:\\\/\\\/merton.emsb.qc.ca\\\/wp-content\\\/uploads\\\/sites\\\/4\\\/2023\\\/05\\\/Slider-Banner-Option-2-1024x192.png\",\"contentUrl\":\"https:\\\/\\\/merton.emsb.qc.ca\\\/wp-content\\\/uploads\\\/sites\\\/4\\\/2023\\\/05\\\/Slider-Banner-Option-2-1024x192.png\"},{\"@type\":\"BreadcrumbList\",\"@id\":\"https:\\\/\\\/merton.emsb.qc.ca\\\/kindergarten-progressive-entry\\\/#breadcrumb\",\"itemListElement\":[{\"@type\":\"ListItem\",\"position\":1,\"name\":\"Home\",\"item\":\"https:\\\/\\\/merton.emsb.qc.ca\\\/\"},{\"@type\":\"ListItem\",\"position\":2,\"name\":\"Kindergarten Progressive Entry\"}]},{\"@type\":\"WebSite\",\"@id\":\"https:\\\/\\\/merton.emsb.qc.ca\\\/#website\",\"url\":\"https:\\\/\\\/merton.emsb.qc.ca\\\/\",\"name\":\"Merton Elementary School\",\"description\":\"Merton Elementary School\",\"publisher\":{\"@id\":\"https:\\\/\\\/merton.emsb.qc.ca\\\/#organization\"},\"potentialAction\":[{\"@type\":\"SearchAction\",\"target\":{\"@type\":\"EntryPoint\",\"urlTemplate\":\"https:\\\/\\\/merton.emsb.qc.ca\\\/?s={search_term_string}\"},\"query-input\":{\"@type\":\"PropertyValueSpecification\",\"valueRequired\":true,\"valueName\":\"search_term_string\"}}],\"inLanguage\":\"fr-FR\"},{\"@type\":\"Organization\",\"@id\":\"https:\\\/\\\/merton.emsb.qc.ca\\\/#organization\",\"name\":\"Merton Elementary School\",\"url\":\"https:\\\/\\\/merton.emsb.qc.ca\\\/\",\"logo\":{\"@type\":\"ImageObject\",\"inLanguage\":\"fr-FR\",\"@id\":\"https:\\\/\\\/merton.emsb.qc.ca\\\/#\\\/schema\\\/logo\\\/image\\\/\",\"url\":\"https:\\\/\\\/merton.emsb.qc.ca\\\/wp-content\\\/uploads\\\/sites\\\/4\\\/2022\\\/01\\\/school-logo-footer.png\",\"contentUrl\":\"https:\\\/\\\/merton.emsb.qc.ca\\\/wp-content\\\/uploads\\\/sites\\\/4\\\/2022\\\/01\\\/school-logo-footer.png\",\"width\":150,\"height\":147,\"caption\":\"Merton Elementary School\"},\"image\":{\"@id\":\"https:\\\/\\\/merton.emsb.qc.ca\\\/#\\\/schema\\\/logo\\\/image\\\/\"}}]}<\/script>\n<!-- \/ Yoast SEO plugin. -->","yoast_head_json":{"title":"Kindergarten Progressive Entry - Merton Elementary School","robots":{"index":"index","follow":"follow","max-snippet":"max-snippet:-1","max-image-preview":"max-image-preview:large","max-video-preview":"max-video-preview:-1"},"canonical":"https:\/\/merton.emsb.qc.ca\/fr\/kindergarten-progressive-entry\/","og_locale":"fr_FR","og_type":"article","og_title":"Kindergarten Progressive Entry - Merton Elementary School","og_description":"Dear Kindergarten Parents\/Guardians,Welcome once again to Merton\u2019s Kindergarten! This is your introduction to your child\u2019s first days of school in early September of 2025. We provide a progressive entry that requires some planning on your part. The purpose of these days is to ease the transition to elementary school and to introduce your child to [&hellip;]","og_url":"https:\/\/merton.emsb.qc.ca\/fr\/kindergarten-progressive-entry\/","og_site_name":"Merton Elementary School","article_modified_time":"2025-06-25T13:17:47+00:00","og_image":[{"width":1335,"height":250,"url":"https:\/\/merton.emsb.qc.ca\/wp-content\/uploads\/sites\/4\/2023\/05\/Slider-Banner-Option-2.png","type":"image\/png"}],"twitter_card":"summary_large_image","twitter_misc":{"Dur\u00e9e de lecture estim\u00e9e":"3 minutes"},"schema":{"@context":"https:\/\/schema.org","@graph":[{"@type":"WebPage","@id":"https:\/\/merton.emsb.qc.ca\/kindergarten-progressive-entry\/","url":"https:\/\/merton.emsb.qc.ca\/kindergarten-progressive-entry\/","name":"Kindergarten Progressive Entry - Merton Elementary School","isPartOf":{"@id":"https:\/\/merton.emsb.qc.ca\/#website"},"primaryImageOfPage":{"@id":"https:\/\/merton.emsb.qc.ca\/kindergarten-progressive-entry\/#primaryimage"},"image":{"@id":"https:\/\/merton.emsb.qc.ca\/kindergarten-progressive-entry\/#primaryimage"},"thumbnailUrl":"https:\/\/merton.emsb.qc.ca\/wp-content\/uploads\/sites\/4\/2023\/05\/Slider-Banner-Option-2-1024x192.png","datePublished":"2023-05-25T18:00:28+00:00","dateModified":"2025-06-25T13:17:47+00:00","breadcrumb":{"@id":"https:\/\/merton.emsb.qc.ca\/kindergarten-progressive-entry\/#breadcrumb"},"inLanguage":"fr-FR","potentialAction":[{"@type":"ReadAction","target":["https:\/\/merton.emsb.qc.ca\/kindergarten-progressive-entry\/"]}]},{"@type":"ImageObject","inLanguage":"fr-FR","@id":"https:\/\/merton.emsb.qc.ca\/kindergarten-progressive-entry\/#primaryimage","url":"https:\/\/merton.emsb.qc.ca\/wp-content\/uploads\/sites\/4\/2023\/05\/Slider-Banner-Option-2-1024x192.png","contentUrl":"https:\/\/merton.emsb.qc.ca\/wp-content\/uploads\/sites\/4\/2023\/05\/Slider-Banner-Option-2-1024x192.png"},{"@type":"BreadcrumbList","@id":"https:\/\/merton.emsb.qc.ca\/kindergarten-progressive-entry\/#breadcrumb","itemListElement":[{"@type":"ListItem","position":1,"name":"Home","item":"https:\/\/merton.emsb.qc.ca\/"},{"@type":"ListItem","position":2,"name":"Kindergarten Progressive Entry"}]},{"@type":"WebSite","@id":"https:\/\/merton.emsb.qc.ca\/#website","url":"https:\/\/merton.emsb.qc.ca\/","name":"\u00c9cole primaire Merton","description":"\u00c9cole primaire Merton","publisher":{"@id":"https:\/\/merton.emsb.qc.ca\/#organization"},"potentialAction":[{"@type":"SearchAction","target":{"@type":"EntryPoint","urlTemplate":"https:\/\/merton.emsb.qc.ca\/?s={search_term_string}"},"query-input":{"@type":"PropertyValueSpecification","valueRequired":true,"valueName":"search_term_string"}}],"inLanguage":"fr-FR"},{"@type":"Organization","@id":"https:\/\/merton.emsb.qc.ca\/#organization","name":"\u00c9cole primaire Merton","url":"https:\/\/merton.emsb.qc.ca\/","logo":{"@type":"ImageObject","inLanguage":"fr-FR","@id":"https:\/\/merton.emsb.qc.ca\/#\/schema\/logo\/image\/","url":"https:\/\/merton.emsb.qc.ca\/wp-content\/uploads\/sites\/4\/2022\/01\/school-logo-footer.png","contentUrl":"https:\/\/merton.emsb.qc.ca\/wp-content\/uploads\/sites\/4\/2022\/01\/school-logo-footer.png","width":150,"height":147,"caption":"Merton Elementary School"},"image":{"@id":"https:\/\/merton.emsb.qc.ca\/#\/schema\/logo\/image\/"}}]}},"_links":{"self":[{"href":"https:\/\/merton.emsb.qc.ca\/fr\/wp-json\/wp\/v2\/pages\/6941","targetHints":{"allow":["GET"]}}],"collection":[{"href":"https:\/\/merton.emsb.qc.ca\/fr\/wp-json\/wp\/v2\/pages"}],"about":[{"href":"https:\/\/merton.emsb.qc.ca\/fr\/wp-json\/wp\/v2\/types\/page"}],"author":[{"embeddable":true,"href":"https:\/\/merton.emsb.qc.ca\/fr\/wp-json\/wp\/v2\/users\/11"}],"replies":[{"embeddable":true,"href":"https:\/\/merton.emsb.qc.ca\/fr\/wp-json\/wp\/v2\/comments?post=6941"}],"version-history":[{"count":24,"href":"https:\/\/merton.emsb.qc.ca\/fr\/wp-json\/wp\/v2\/pages\/6941\/revisions"}],"predecessor-version":[{"id":8995,"href":"https:\/\/merton.emsb.qc.ca\/fr\/wp-json\/wp\/v2\/pages\/6941\/revisions\/8995"}],"wp:attachment":[{"href":"https:\/\/merton.emsb.qc.ca\/fr\/wp-json\/wp\/v2\/media?parent=6941"}],"curies":[{"name":"wp","href":"https:\/\/api.w.org\/{rel}","templated":true}]}}